{"id":1345,"date":"2024-07-20T19:29:02","date_gmt":"2024-07-20T17:29:02","guid":{"rendered":"https:\/\/schmiedhof.it\/servizi-inclusi\/"},"modified":"2026-03-27T12:12:35","modified_gmt":"2026-03-27T10:12:35","slug":"servizi-inclusi","status":"publish","type":"page","link":"https:\/\/schmiedhof.it\/it\/servizi-inclusi\/","title":{"rendered":"Servizi inclusi"},"content":{"rendered":"\t\t<div data-elementor-type=\"wp-page\" data-elementor-id=\"1345\" class=\"elementor elementor-1345 elementor-293\">\n\t\t\t\t<div class=\"elementor-element elementor-element-9335996 atf e-con-full e-flex e-con e-parent\" data-id=\"9335996\" data-element_type=\"container\" data-e-type=\"container\" data-settings=\"{&quot;background_background&quot;:&quot;slideshow&quot;,&quot;background_slideshow_gallery&quot;:[{&quot;id&quot;:1208,&quot;url&quot;:&quot;https:\\\/\\\/schmiedhof.it\\\/wp-content\\\/uploads\\\/2024\\\/07\\\/hallenbad_naturns.jpg&quot;},{&quot;id&quot;:1210,&quot;url&quot;:&quot;https:\\\/\\\/schmiedhof.it\\\/wp-content\\\/uploads\\\/2024\\\/07\\\/freibad_naturns.jpg&quot;}],&quot;background_slideshow_slide_duration&quot;:2000,&quot;background_slideshow_loop&quot;:&quot;yes&quot;,&quot;background_slideshow_slide_transition&quot;:&quot;fade&quot;,&quot;background_slideshow_transition_duration&quot;:500}\">\n\t\t\t\t<div class=\"elementor-element elementor-element-3e68f6c elementor-widget elementor-widget-heading\" data-id=\"3e68f6c\" data-element_type=\"widget\" data-e-type=\"widget\" data-widget_type=\"heading.default\">\n\t\t\t\t<div class=\"elementor-widget-container\">\n\t\t\t\t\t<h2 class=\"elementor-heading-title elementor-size-default\">SERVIZI INCLUSIVI<\/h2>\t\t\t\t<\/div>\n\t\t\t\t<\/div>\n\t\t\t\t<div class=\"elementor-element elementor-element-6db5fdc elementor-widget elementor-widget-text-editor\" data-id=\"6db5fdc\" data-element_type=\"widget\" data-e-type=\"widget\" data-widget_type=\"text-editor.default\">\n\t\t\t\t<div class=\"elementor-widget-container\">\n\t\t\t\t\t\t\t\t\t<p>&#8230;&#8230;&#8230;&#8230;&#8230;&#8230;&#8230;&#8230;&#8230;&#8230;&#8230;&#8230;<\/p>\t\t\t\t\t\t\t\t<\/div>\n\t\t\t\t<\/div>\n\t\t\t\t<div class=\"elementor-element elementor-element-48c20bb elementor-widget elementor-widget-image\" data-id=\"48c20bb\" data-element_type=\"widget\" data-e-type=\"widget\" data-widget_type=\"image.default\">\n\t\t\t\t<div class=\"elementor-widget-container\">\n\t\t\t\t\t\t\t\t\t\t\t\t\t\t\t<img decoding=\"async\" width=\"27\" height=\"25\" src=\"https:\/\/schmiedhof.it\/wp-content\/uploads\/2024\/07\/scroll_down.svg\" class=\"attachment-large size-large wp-image-1180\" alt=\"\" \/>\t\t\t\t\t\t\t\t\t\t\t\t\t\t\t<\/div>\n\t\t\t\t<\/div>\n\t\t\t\t<\/div>\n\t\t<div class=\"elementor-element elementor-element-71868f0 e-flex e-con-boxed e-con e-parent\" data-id=\"71868f0\" data-element_type=\"container\" data-e-type=\"container\">\n\t\t\t\t\t<div class=\"e-con-inner\">\n\t\t<div class=\"elementor-element elementor-element-6c6aa02 e-con-full img_gradient e-flex e-con e-child\" data-id=\"6c6aa02\" data-element_type=\"container\" data-e-type=\"container\" data-settings=\"{&quot;background_background&quot;:&quot;classic&quot;}\">\n\t\t<div class=\"elementor-element elementor-element-cba7003 e-con-full e-flex e-con e-child\" data-id=\"cba7003\" data-element_type=\"container\" data-e-type=\"container\" data-settings=\"{&quot;background_background&quot;:&quot;classic&quot;}\">\n\t\t\t\t<\/div>\n\t\t<div class=\"elementor-element elementor-element-f663840 e-con-full e-flex e-con e-child\" data-id=\"f663840\" data-element_type=\"container\" data-e-type=\"container\">\n\t\t<div class=\"elementor-element elementor-element-8d5e8e0 e-con-full e-flex e-con e-child\" data-id=\"8d5e8e0\" data-element_type=\"container\" data-e-type=\"container\">\n\t\t\t\t<div class=\"elementor-element elementor-element-8fbefbd elementor-widget elementor-widget-heading\" data-id=\"8fbefbd\" data-element_type=\"widget\" data-e-type=\"widget\" data-widget_type=\"heading.default\">\n\t\t\t\t<div class=\"elementor-widget-container\">\n\t\t\t\t\t<h4 class=\"elementor-heading-title elementor-size-default\">Piscina Erlebnisbad Naturno<\/h4>\t\t\t\t<\/div>\n\t\t\t\t<\/div>\n\t\t\t\t<div class=\"elementor-element elementor-element-b039256 elementor-widget elementor-widget-text-editor\" data-id=\"b039256\" data-element_type=\"widget\" data-e-type=\"widget\" data-widget_type=\"text-editor.default\">\n\t\t\t\t<div class=\"elementor-widget-container\">\n\t\t\t\t\t\t\t\t\t<p>I nostri ospiti ricevono l&#8217;ingresso gratuito alle piscine esterne e interne di Naturno, che si trovano a pochi minuti a piedi dall&#8217;hotel. Oltre alle piscine, c&#8217;\u00e8 anche un&#8217;area sauna di 500 metri quadrati con bagno turco, sauna finlandese, piscina e vasca Kneipp. <\/p>\t\t\t\t\t\t\t\t<\/div>\n\t\t\t\t<\/div>\n\t\t\t\t<\/div>\n\t\t\t\t<\/div>\n\t\t\t\t<\/div>\n\t\t<div class=\"elementor-element elementor-element-0e03f23 e-con-full img_gradient e-flex e-con e-child\" data-id=\"0e03f23\" data-element_type=\"container\" data-e-type=\"container\" data-settings=\"{&quot;background_background&quot;:&quot;classic&quot;}\">\n\t\t<div class=\"elementor-element elementor-element-49f99e1 e-con-full e-flex e-con e-child\" data-id=\"49f99e1\" data-element_type=\"container\" data-e-type=\"container\" data-settings=\"{&quot;background_background&quot;:&quot;classic&quot;}\">\n\t\t\t\t<\/div>\n\t\t<div class=\"elementor-element elementor-element-3bdb0e0 e-con-full e-flex e-con e-child\" data-id=\"3bdb0e0\" data-element_type=\"container\" data-e-type=\"container\">\n\t\t<div class=\"elementor-element elementor-element-aed0655 e-con-full e-flex e-con e-child\" data-id=\"aed0655\" data-element_type=\"container\" data-e-type=\"container\">\n\t\t\t\t<div class=\"elementor-element elementor-element-81e2377 elementor-widget elementor-widget-heading\" data-id=\"81e2377\" data-element_type=\"widget\" data-e-type=\"widget\" data-widget_type=\"heading.default\">\n\t\t\t\t<div class=\"elementor-widget-container\">\n\t\t\t\t\t<h4 class=\"elementor-heading-title elementor-size-default\">Guest Pass<\/h4>\t\t\t\t<\/div>\n\t\t\t\t<\/div>\n\t\t\t\t<div class=\"elementor-element elementor-element-3682d03 elementor-widget elementor-widget-text-editor\" data-id=\"3682d03\" data-element_type=\"widget\" data-e-type=\"widget\" data-widget_type=\"text-editor.default\">\n\t\t\t\t<div class=\"elementor-widget-container\">\n\t\t\t\t\t\t\t\t\t<div class=\"flex max-w-full flex-col flex-grow\"><div class=\"min-h-8 text-message flex w-full flex-col items-end gap-2 whitespace-normal break-words [.text-message+&amp;]:mt-5\" dir=\"auto\" data-message-author-role=\"assistant\" data-message-id=\"bb979fe2-dc67-4cd5-964c-cc0fe7995cd6\"><div class=\"flex w-full flex-col gap-1 empty:hidden first:pt-[3px]\"><div class=\"markdown prose w-full break-words dark:prose-invert dark\"><p>Con l&#8217;Alto Adige Guest Pass gli ospiti dai 6 anni in su possono viaggiare gratuitamente sui seguenti mezzi pubblici: <strong>Treni regionali dell&#8217;Alto Adige, <\/strong><strong>autobus locali, <\/strong><strong>funivie selezionate.<\/strong><\/p><p><a href=\"https:\/\/www.suedtirolmobil.info\/de\/tickets\/urlaub-und-freizeit\/suedtirol-guest-pass\" target=\"_blank\" rel=\"noopener\"><strong><span style=\"text-decoration: underline;\">ulteriori informazioni<\/span><\/strong><\/a><\/p><\/div><\/div><\/div><\/div>\t\t\t\t\t\t\t\t<\/div>\n\t\t\t\t<\/div>\n\t\t\t\t<\/div>\n\t\t\t\t<\/div>\n\t\t\t\t<\/div>\n\t\t<div class=\"elementor-element elementor-element-152f425 e-con-full img_gradient e-flex e-con e-child\" data-id=\"152f425\" data-element_type=\"container\" data-e-type=\"container\" data-settings=\"{&quot;background_background&quot;:&quot;classic&quot;}\">\n\t\t<div class=\"elementor-element elementor-element-e1d73aa e-con-full e-flex e-con e-child\" data-id=\"e1d73aa\" data-element_type=\"container\" data-e-type=\"container\" data-settings=\"{&quot;background_background&quot;:&quot;classic&quot;}\">\n\t\t\t\t<\/div>\n\t\t<div class=\"elementor-element elementor-element-93e0d8c e-con-full e-flex e-con e-child\" data-id=\"93e0d8c\" data-element_type=\"container\" data-e-type=\"container\">\n\t\t<div class=\"elementor-element elementor-element-b1a7b58 e-con-full e-flex e-con e-child\" data-id=\"b1a7b58\" data-element_type=\"container\" data-e-type=\"container\">\n\t\t\t\t<div class=\"elementor-element elementor-element-d221efe elementor-widget elementor-widget-heading\" data-id=\"d221efe\" data-element_type=\"widget\" data-e-type=\"widget\" data-widget_type=\"heading.default\">\n\t\t\t\t<div class=\"elementor-widget-container\">\n\t\t\t\t\t<h4 class=\"elementor-heading-title elementor-size-default\">Colazione<\/h4>\t\t\t\t<\/div>\n\t\t\t\t<\/div>\n\t\t\t\t<div class=\"elementor-element elementor-element-e400cf0 elementor-widget elementor-widget-text-editor\" data-id=\"e400cf0\" data-element_type=\"widget\" data-e-type=\"widget\" data-widget_type=\"text-editor.default\">\n\t\t\t\t<div class=\"elementor-widget-container\">\n\t\t\t\t\t\t\t\t\t<div class=\"nd_options_section nd_options_text_align_left \"><div class=\"nd_options_section nd_options_box_sizing_border_box\"><p class=\"nd_options_second_font \">Cosa sarebbe una vacanza senza una ricca colazione al mattino? Goditi la nostra colazione a buffet con frutta e verdura del nostro orto, specialit\u00e0 fatte in casa e ogni tipo di prelibatezza della regione. La colazione \u00e8 inclusa nel prezzo della camera. Se soggiorni nel nostro appartamento, puoi prenotare la colazione in loco al prezzo di 20\u20ac a persona al giorno.   <\/p><\/div><\/div>\t\t\t\t\t\t\t\t<\/div>\n\t\t\t\t<\/div>\n\t\t\t\t<\/div>\n\t\t\t\t<\/div>\n\t\t\t\t<\/div>\n\t\t<div class=\"elementor-element elementor-element-737d322 e-con-full img_gradient e-flex e-con e-child\" data-id=\"737d322\" data-element_type=\"container\" data-e-type=\"container\" data-settings=\"{&quot;background_background&quot;:&quot;classic&quot;}\">\n\t\t<div class=\"elementor-element elementor-element-43af456 e-con-full e-flex e-con e-child\" data-id=\"43af456\" data-element_type=\"container\" data-e-type=\"container\" data-settings=\"{&quot;background_background&quot;:&quot;classic&quot;}\">\n\t\t\t\t<\/div>\n\t\t<div class=\"elementor-element elementor-element-a8d02ed e-con-full e-flex e-con e-child\" data-id=\"a8d02ed\" data-element_type=\"container\" data-e-type=\"container\">\n\t\t<div class=\"elementor-element elementor-element-578bffe e-con-full e-flex e-con e-child\" data-id=\"578bffe\" data-element_type=\"container\" data-e-type=\"container\">\n\t\t\t\t<div class=\"elementor-element elementor-element-45056a4 elementor-widget elementor-widget-heading\" data-id=\"45056a4\" data-element_type=\"widget\" data-e-type=\"widget\" data-widget_type=\"heading.default\">\n\t\t\t\t<div class=\"elementor-widget-container\">\n\t\t\t\t\t<h4 class=\"elementor-heading-title elementor-size-default\">Garage per biciclette<\/h4>\t\t\t\t<\/div>\n\t\t\t\t<\/div>\n\t\t\t\t<div class=\"elementor-element elementor-element-ad660d7 elementor-widget elementor-widget-text-editor\" data-id=\"ad660d7\" data-element_type=\"widget\" data-e-type=\"widget\" data-widget_type=\"text-editor.default\">\n\t\t\t\t<div class=\"elementor-widget-container\">\n\t\t\t\t\t\t\t\t\t<p data-start=\"312\" data-end=\"466\">Puoi riporre le tue biciclette in tutta sicurezza nel garage chiuso a chiave. Sono disponibili strutture di ricarica per le biciclette elettriche. <\/p>\t\t\t\t\t\t\t\t<\/div>\n\t\t\t\t<\/div>\n\t\t\t\t<\/div>\n\t\t\t\t<\/div>\n\t\t\t\t<\/div>\n\t\t<div class=\"elementor-element elementor-element-30d3b5e e-con-full img_gradient e-flex e-con e-child\" data-id=\"30d3b5e\" data-element_type=\"container\" data-e-type=\"container\" data-settings=\"{&quot;background_background&quot;:&quot;classic&quot;}\">\n\t\t<div class=\"elementor-element elementor-element-8abf554 e-con-full e-flex e-con e-child\" data-id=\"8abf554\" data-element_type=\"container\" data-e-type=\"container\" data-settings=\"{&quot;background_background&quot;:&quot;classic&quot;}\">\n\t\t\t\t<\/div>\n\t\t<div class=\"elementor-element elementor-element-7761e9c e-con-full e-flex e-con e-child\" data-id=\"7761e9c\" data-element_type=\"container\" data-e-type=\"container\">\n\t\t<div class=\"elementor-element elementor-element-2de3e97 e-con-full e-flex e-con e-child\" data-id=\"2de3e97\" data-element_type=\"container\" data-e-type=\"container\">\n\t\t\t\t<div class=\"elementor-element elementor-element-58af61c elementor-widget elementor-widget-heading\" data-id=\"58af61c\" data-element_type=\"widget\" data-e-type=\"widget\" data-widget_type=\"heading.default\">\n\t\t\t\t<div class=\"elementor-widget-container\">\n\t\t\t\t\t<h4 class=\"elementor-heading-title elementor-size-default\">Piscina  Giardino<br> <br><\/h4>\t\t\t\t<\/div>\n\t\t\t\t<\/div>\n\t\t\t\t<div class=\"elementor-element elementor-element-9f33eb3 elementor-widget elementor-widget-text-editor\" data-id=\"9f33eb3\" data-element_type=\"widget\" data-e-type=\"widget\" data-widget_type=\"text-editor.default\">\n\t\t\t\t<div class=\"elementor-widget-container\">\n\t\t\t\t\t\t\t\t\t<p>Durante la tua vacanza allo Schmiedhof, il nostro bellissimo giardino con prato per prendere il sole, piscina e area barbecue \u00e8 a tua disposizione. C&#8217;\u00e8 anche un&#8217;ampia terrazza e un&#8217;area giochi per bambini. Qui potrai rilassarti dopo le escursioni mentre i tuoi bambini giocano spensierati.  <\/p>\t\t\t\t\t\t\t\t<\/div>\n\t\t\t\t<\/div>\n\t\t\t\t<\/div>\n\t\t\t\t<\/div>\n\t\t\t\t<\/div>\n\t\t<div class=\"elementor-element elementor-element-3acb41b e-con-full img_gradient e-flex e-con e-child\" data-id=\"3acb41b\" data-element_type=\"container\" data-e-type=\"container\" data-settings=\"{&quot;background_background&quot;:&quot;classic&quot;}\">\n\t\t<div class=\"elementor-element elementor-element-6eacad5 e-con-full e-flex e-con e-child\" data-id=\"6eacad5\" data-element_type=\"container\" data-e-type=\"container\" data-settings=\"{&quot;background_background&quot;:&quot;classic&quot;}\">\n\t\t\t\t<\/div>\n\t\t<div class=\"elementor-element elementor-element-700c744 e-con-full e-flex e-con e-child\" data-id=\"700c744\" data-element_type=\"container\" data-e-type=\"container\">\n\t\t<div class=\"elementor-element elementor-element-97c5571 e-con-full e-flex e-con e-child\" data-id=\"97c5571\" data-element_type=\"container\" data-e-type=\"container\">\n\t\t\t\t<div class=\"elementor-element elementor-element-50266f6 elementor-widget elementor-widget-heading\" data-id=\"50266f6\" data-element_type=\"widget\" data-e-type=\"widget\" data-widget_type=\"heading.default\">\n\t\t\t\t<div class=\"elementor-widget-container\">\n\t\t\t\t\t<h4 class=\"elementor-heading-title elementor-size-default\">Stazione di Ricarica per Veicoli Elettrici<\/h4>\t\t\t\t<\/div>\n\t\t\t\t<\/div>\n\t\t\t\t<div class=\"elementor-element elementor-element-b066cee elementor-widget elementor-widget-text-editor\" data-id=\"b066cee\" data-element_type=\"widget\" data-e-type=\"widget\" data-widget_type=\"text-editor.default\">\n\t\t\t\t<div class=\"elementor-widget-container\">\n\t\t\t\t\t\t\t\t\t<p>A partire da agosto 2024, il Schmiedhof offrir\u00e0 anche una stazione di ricarica per auto elettriche.<\/p>\t\t\t\t\t\t\t\t<\/div>\n\t\t\t\t<\/div>\n\t\t\t\t<\/div>\n\t\t\t\t<\/div>\n\t\t\t\t<\/div>\n\t\t<div class=\"elementor-element elementor-element-29512ff e-con-full img_gradient e-flex e-con e-child\" data-id=\"29512ff\" data-element_type=\"container\" data-e-type=\"container\" data-settings=\"{&quot;background_background&quot;:&quot;classic&quot;}\">\n\t\t<div class=\"elementor-element elementor-element-47e48f6 e-con-full e-flex e-con e-child\" data-id=\"47e48f6\" data-element_type=\"container\" data-e-type=\"container\" data-settings=\"{&quot;background_background&quot;:&quot;classic&quot;}\">\n\t\t\t\t<\/div>\n\t\t<div class=\"elementor-element elementor-element-6fa6620 e-con-full e-flex e-con e-child\" data-id=\"6fa6620\" data-element_type=\"container\" data-e-type=\"container\">\n\t\t<div class=\"elementor-element elementor-element-31c22a3 e-con-full e-flex e-con e-child\" data-id=\"31c22a3\" data-element_type=\"container\" data-e-type=\"container\">\n\t\t\t\t<div class=\"elementor-element elementor-element-ca2dc72 elementor-widget elementor-widget-heading\" data-id=\"ca2dc72\" data-element_type=\"widget\" data-e-type=\"widget\" data-widget_type=\"heading.default\">\n\t\t\t\t<div class=\"elementor-widget-container\">\n\t\t\t\t\t<h4 class=\"elementor-heading-title elementor-size-default\">Suggerimenti per il Tempo Libero<\/h4>\t\t\t\t<\/div>\n\t\t\t\t<\/div>\n\t\t\t\t<div class=\"elementor-element elementor-element-9ff86cc elementor-widget elementor-widget-text-editor\" data-id=\"9ff86cc\" data-element_type=\"widget\" data-e-type=\"widget\" data-widget_type=\"text-editor.default\">\n\t\t\t\t<div class=\"elementor-widget-container\">\n\t\t\t\t\t\t\t\t\t<div class=\"nd_options_section nd_options_text_align_left \"><div class=\"nd_options_section nd_options_box_sizing_border_box\"><p class=\"nd_options_second_font \">Saremo lieti di darti consigli utili per le tue escursioni, tour in bicicletta e gite in loco. Poich\u00e9 il nostro capo \u00e8 un appassionato pescatore a mosca, sar\u00e0 lieto di rispondere a tutte le tue domande sulla pesca. I biglietti giornalieri per il fiume Adige (con numerosi torrenti laterali), il lago artificiale di Senales o un tratto del fiume Passirio possono essere acquistati presso la pensione stessa.  <\/p><\/div><\/div>\t\t\t\t\t\t\t\t<\/div>\n\t\t\t\t<\/div>\n\t\t\t\t<\/div>\n\t\t\t\t<\/div>\n\t\t\t\t<\/div>\n\t\t<div class=\"elementor-element elementor-element-37f4954 e-con-full img_gradient e-flex e-con e-child\" data-id=\"37f4954\" data-element_type=\"container\" data-e-type=\"container\" data-settings=\"{&quot;background_background&quot;:&quot;classic&quot;}\">\n\t\t<div class=\"elementor-element elementor-element-7f2bf87 e-con-full e-flex e-con e-child\" data-id=\"7f2bf87\" data-element_type=\"container\" data-e-type=\"container\" data-settings=\"{&quot;background_background&quot;:&quot;classic&quot;}\">\n\t\t\t\t<\/div>\n\t\t<div class=\"elementor-element elementor-element-e38cf95 e-con-full e-flex e-con e-child\" data-id=\"e38cf95\" data-element_type=\"container\" data-e-type=\"container\">\n\t\t<div class=\"elementor-element elementor-element-0ad9d92 e-con-full e-flex e-con e-child\" data-id=\"0ad9d92\" data-element_type=\"container\" data-e-type=\"container\">\n\t\t\t\t<div class=\"elementor-element elementor-element-608fbd1 elementor-widget elementor-widget-heading\" data-id=\"608fbd1\" data-element_type=\"widget\" data-e-type=\"widget\" data-widget_type=\"heading.default\">\n\t\t\t\t<div class=\"elementor-widget-container\">\n\t\t\t\t\t<h4 class=\"elementor-heading-title elementor-size-default\">Parcheggio<\/h4>\t\t\t\t<\/div>\n\t\t\t\t<\/div>\n\t\t\t\t<div class=\"elementor-element elementor-element-67745a1 elementor-widget elementor-widget-text-editor\" data-id=\"67745a1\" data-element_type=\"widget\" data-e-type=\"widget\" data-widget_type=\"text-editor.default\">\n\t\t\t\t<div class=\"elementor-widget-container\">\n\t\t\t\t\t\t\t\t\t<p>Puoi parcheggiare gratuitamente la tua auto nel nostro parcheggio. Per le biciclette e le moto, siamo lieti di mettere a disposizione il nostro garage con serratura. <\/p>\t\t\t\t\t\t\t\t<\/div>\n\t\t\t\t<\/div>\n\t\t\t\t<\/div>\n\t\t\t\t<\/div>\n\t\t\t\t<\/div>\n\t\t<div class=\"elementor-element elementor-element-39b7f0b e-con-full img_gradient e-flex e-con e-child\" data-id=\"39b7f0b\" data-element_type=\"container\" data-e-type=\"container\" data-settings=\"{&quot;background_background&quot;:&quot;classic&quot;}\">\n\t\t<div class=\"elementor-element elementor-element-e38cd3b e-con-full e-flex e-con e-child\" data-id=\"e38cd3b\" data-element_type=\"container\" data-e-type=\"container\">\n\t\t\t\t<\/div>\n\t\t<div class=\"elementor-element elementor-element-01dbb9b e-con-full e-flex e-con e-child\" data-id=\"01dbb9b\" data-element_type=\"container\" data-e-type=\"container\">\n\t\t<div class=\"elementor-element elementor-element-c0e4d84 e-con-full e-flex e-con e-child\" data-id=\"c0e4d84\" data-element_type=\"container\" data-e-type=\"container\">\n\t\t\t\t<div class=\"elementor-element elementor-element-33a939e elementor-widget elementor-widget-heading\" data-id=\"33a939e\" data-element_type=\"widget\" data-e-type=\"widget\" data-widget_type=\"heading.default\">\n\t\t\t\t<div class=\"elementor-widget-container\">\n\t\t\t\t\t<h4 class=\"elementor-heading-title elementor-size-default\">Animali Domestici<\/h4>\t\t\t\t<\/div>\n\t\t\t\t<\/div>\n\t\t\t\t<div class=\"elementor-element elementor-element-cf8c067 elementor-widget elementor-widget-text-editor\" data-id=\"cf8c067\" data-element_type=\"widget\" data-e-type=\"widget\" data-widget_type=\"text-editor.default\">\n\t\t\t\t<div class=\"elementor-widget-container\">\n\t\t\t\t\t\t\t\t\t<p>Puoi portare con te il tuo cane o, previo accordo, animali di piccola taglia durante la tua vacanza a Naturno. Ti preghiamo di portare con te una coperta o una cesta e le ciotole per il cibo e l&#8217;acqua. <\/p>\t\t\t\t\t\t\t\t<\/div>\n\t\t\t\t<\/div>\n\t\t\t\t<\/div>\n\t\t\t\t<\/div>\n\t\t\t\t<\/div>\n\t\t<div class=\"elementor-element elementor-element-9b01b99 e-con-full img_gradient e-flex e-con e-child\" data-id=\"9b01b99\" data-element_type=\"container\" data-e-type=\"container\" data-settings=\"{&quot;background_background&quot;:&quot;classic&quot;}\">\n\t\t<div class=\"elementor-element elementor-element-aa99095 e-con-full e-flex e-con e-child\" data-id=\"aa99095\" data-element_type=\"container\" data-e-type=\"container\" data-settings=\"{&quot;background_background&quot;:&quot;classic&quot;}\">\n\t\t\t\t<\/div>\n\t\t<div class=\"elementor-element elementor-element-9aafe75 e-con-full e-flex e-con e-child\" data-id=\"9aafe75\" data-element_type=\"container\" data-e-type=\"container\">\n\t\t<div class=\"elementor-element elementor-element-2791322 e-con-full e-flex e-con e-child\" data-id=\"2791322\" data-element_type=\"container\" data-e-type=\"container\">\n\t\t\t\t<div class=\"elementor-element elementor-element-2b935d2 elementor-widget elementor-widget-heading\" data-id=\"2b935d2\" data-element_type=\"widget\" data-e-type=\"widget\" data-widget_type=\"heading.default\">\n\t\t\t\t<div class=\"elementor-widget-container\">\n\t\t\t\t\t<h4 class=\"elementor-heading-title elementor-size-default\">Balcone Sud<\/h4>\t\t\t\t<\/div>\n\t\t\t\t<\/div>\n\t\t\t\t<div class=\"elementor-element elementor-element-0d01120 elementor-widget elementor-widget-text-editor\" data-id=\"0d01120\" data-element_type=\"widget\" data-e-type=\"widget\" data-widget_type=\"text-editor.default\">\n\t\t\t\t<div class=\"elementor-widget-container\">\n\t\t\t\t\t\t\t\t\t<div class=\"nd_options_section nd_options_text_align_left \"><div class=\"nd_options_section nd_options_box_sizing_border_box\"><p>Sia che tu alloggi in una delle nostre camere o che tu dorma in uno dei due appartamenti per vacanze, dal balcone esposto a sud potrai godere appieno delle numerose ore di sole. Oltre alla vista su Naturno. <\/p><\/div><\/div>\t\t\t\t\t\t\t\t<\/div>\n\t\t\t\t<\/div>\n\t\t\t\t<\/div>\n\t\t\t\t<\/div>\n\t\t\t\t<\/div>\n\t\t<div class=\"elementor-element elementor-element-452b867 e-con-full img_gradient e-flex e-con e-child\" data-id=\"452b867\" data-element_type=\"container\" data-e-type=\"container\" data-settings=\"{&quot;background_background&quot;:&quot;classic&quot;}\">\n\t\t<div class=\"elementor-element elementor-element-291dde3 e-con-full e-flex e-con e-child\" data-id=\"291dde3\" data-element_type=\"container\" data-e-type=\"container\" data-settings=\"{&quot;background_background&quot;:&quot;classic&quot;}\">\n\t\t\t\t<\/div>\n\t\t<div class=\"elementor-element elementor-element-9ddbabe e-con-full e-flex e-con e-child\" data-id=\"9ddbabe\" data-element_type=\"container\" data-e-type=\"container\">\n\t\t<div class=\"elementor-element elementor-element-d250f0c e-con-full e-flex e-con e-child\" data-id=\"d250f0c\" data-element_type=\"container\" data-e-type=\"container\">\n\t\t\t\t<div class=\"elementor-element elementor-element-a5cd4fd elementor-widget elementor-widget-heading\" data-id=\"a5cd4fd\" data-element_type=\"widget\" data-e-type=\"widget\" data-widget_type=\"heading.default\">\n\t\t\t\t<div class=\"elementor-widget-container\">\n\t\t\t\t\t<h4 class=\"elementor-heading-title elementor-size-default\">Sat-TV  WLAN<\/h4>\t\t\t\t<\/div>\n\t\t\t\t<\/div>\n\t\t\t\t<div class=\"elementor-element elementor-element-1dd4bed elementor-widget elementor-widget-text-editor\" data-id=\"1dd4bed\" data-element_type=\"widget\" data-e-type=\"widget\" data-widget_type=\"text-editor.default\">\n\t\t\t\t<div class=\"elementor-widget-container\">\n\t\t\t\t\t\t\t\t\t<p>Anche in vacanza non dovrai rinunciare alle tue serie preferite e a navigare in internet. C&#8217;\u00e8 una TV satellitare in camera e negli appartamenti e puoi utilizzare gratuitamente la nostra WLAN in tutta la casa. <\/p>\t\t\t\t\t\t\t\t<\/div>\n\t\t\t\t<\/div>\n\t\t\t\t<\/div>\n\t\t\t\t<\/div>\n\t\t\t\t<\/div>\n\t\t<div class=\"elementor-element elementor-element-a60f5c8 e-con-full img_gradient e-flex e-con e-child\" data-id=\"a60f5c8\" data-element_type=\"container\" data-e-type=\"container\" data-settings=\"{&quot;background_background&quot;:&quot;classic&quot;}\">\n\t\t<div class=\"elementor-element elementor-element-1f4805a e-con-full e-flex e-con e-child\" data-id=\"1f4805a\" data-element_type=\"container\" data-e-type=\"container\">\n\t\t\t\t<\/div>\n\t\t<div class=\"elementor-element elementor-element-879aaa7 e-con-full e-flex e-con e-child\" data-id=\"879aaa7\" data-element_type=\"container\" data-e-type=\"container\">\n\t\t<div class=\"elementor-element elementor-element-5447a59 e-con-full e-flex e-con e-child\" data-id=\"5447a59\" data-element_type=\"container\" data-e-type=\"container\">\n\t\t\t\t<div class=\"elementor-element elementor-element-9fdb3c9 elementor-widget elementor-widget-heading\" data-id=\"9fdb3c9\" data-element_type=\"widget\" data-e-type=\"widget\" data-widget_type=\"heading.default\">\n\t\t\t\t<div class=\"elementor-widget-container\">\n\t\t\t\t\t<h4 class=\"elementor-heading-title elementor-size-default\">Frigoriferi per Ospiti<\/h4>\t\t\t\t<\/div>\n\t\t\t\t<\/div>\n\t\t\t\t<div class=\"elementor-element elementor-element-274afdd elementor-widget elementor-widget-text-editor\" data-id=\"274afdd\" data-element_type=\"widget\" data-e-type=\"widget\" data-widget_type=\"text-editor.default\">\n\t\t\t\t<div class=\"elementor-widget-container\">\n\t\t\t\t\t\t\t\t\t<p>Ogni piano della struttura \u00e8 dotato di un frigorifero dove i nostri ospiti possono conservare gli alimenti e le bevande che necessitano di refrigerazione.<br> <br><\/p>\t\t\t\t\t\t\t\t<\/div>\n\t\t\t\t<\/div>\n\t\t\t\t<\/div>\n\t\t\t\t<\/div>\n\t\t\t\t<\/div>\n\t\t<div class=\"elementor-element elementor-element-e63d9bd e-con-full img_gradient elementor-hidden-desktop elementor-hidden-laptop elementor-hidden-tablet_extra elementor-hidden-tablet elementor-hidden-mobile e-flex e-con e-child\" data-id=\"e63d9bd\" data-element_type=\"container\" data-e-type=\"container\" data-settings=\"{&quot;background_background&quot;:&quot;classic&quot;}\">\n\t\t<div class=\"elementor-element elementor-element-f50ca47 e-con-full e-flex e-con e-child\" data-id=\"f50ca47\" data-element_type=\"container\" data-e-type=\"container\">\n\t\t\t\t<\/div>\n\t\t<div class=\"elementor-element elementor-element-ec4d9bf e-con-full e-flex e-con e-child\" data-id=\"ec4d9bf\" data-element_type=\"container\" data-e-type=\"container\">\n\t\t<div class=\"elementor-element elementor-element-63bf28f e-con-full e-flex e-con e-child\" data-id=\"63bf28f\" data-element_type=\"container\" data-e-type=\"container\">\n\t\t\t\t<div class=\"elementor-element elementor-element-2a859d4 elementor-widget elementor-widget-heading\" data-id=\"2a859d4\" data-element_type=\"widget\" data-e-type=\"widget\" data-widget_type=\"heading.default\">\n\t\t\t\t<div class=\"elementor-widget-container\">\n\t\t\t\t\t<h4 class=\"elementor-heading-title elementor-size-default\">Cassaforte<\/h4>\t\t\t\t<\/div>\n\t\t\t\t<\/div>\n\t\t\t\t<div class=\"elementor-element elementor-element-34181af elementor-widget elementor-widget-text-editor\" data-id=\"34181af\" data-element_type=\"widget\" data-e-type=\"widget\" data-widget_type=\"text-editor.default\">\n\t\t\t\t<div class=\"elementor-widget-container\">\n\t\t\t\t\t\t\t\t\t<div class=\"nd_options_section nd_options_text_align_left \"><div class=\"nd_options_section nd_options_box_sizing_border_box\"><p class=\"nd_options_second_font \">In ogni camera e appartamento \u00e8 disponibile una cassaforte dove potete riporre i vostri oggetti di valore in sicurezza.<br> <br><\/p><\/div><\/div>\t\t\t\t\t\t\t\t<\/div>\n\t\t\t\t<\/div>\n\t\t\t\t<\/div>\n\t\t\t\t<\/div>\n\t\t\t\t<\/div>\n\t\t\t\t\t<\/div>\n\t\t\t\t<\/div>\n\t\t\t\t<\/div>\n\t\t","protected":false},"excerpt":{"rendered":"<p>SERVIZI INCLUSIVI &#8230;&#8230;&#8230;&#8230;&#8230;&#8230;&#8230;&#8230;&#8230;&#8230;&#8230;&#8230; Piscina Erlebnisbad Naturno I nostri ospiti ricevono l&#8217;ingresso gratuito alle piscine esterne e interne di Naturno, che si trovano a pochi minuti a piedi dall&#8217;hotel. Oltre alle piscine, c&#8217;\u00e8 anche un&#8217;area sauna di 500 metri quadrati con bagno turco, sauna finlandese, piscina e vasca Kneipp. Guest Pass Con l&#8217;Alto Adige Guest Pass [&hellip;]<\/p>\n","protected":false},"author":1,"featured_media":0,"parent":0,"menu_order":0,"comment_status":"closed","ping_status":"closed","template":"","meta":{"footnotes":""},"class_list":["post-1345","page","type-page","status-publish","hentry"],"_links":{"self":[{"href":"https:\/\/schmiedhof.it\/it\/wp-json\/wp\/v2\/pages\/1345","targetHints":{"allow":["GET"]}}],"collection":[{"href":"https:\/\/schmiedhof.it\/it\/wp-json\/wp\/v2\/pages"}],"about":[{"href":"https:\/\/schmiedhof.it\/it\/wp-json\/wp\/v2\/types\/page"}],"author":[{"embeddable":true,"href":"https:\/\/schmiedhof.it\/it\/wp-json\/wp\/v2\/users\/1"}],"replies":[{"embeddable":true,"href":"https:\/\/schmiedhof.it\/it\/wp-json\/wp\/v2\/comments?post=1345"}],"version-history":[{"count":6,"href":"https:\/\/schmiedhof.it\/it\/wp-json\/wp\/v2\/pages\/1345\/revisions"}],"predecessor-version":[{"id":2168,"href":"https:\/\/schmiedhof.it\/it\/wp-json\/wp\/v2\/pages\/1345\/revisions\/2168"}],"wp:attachment":[{"href":"https:\/\/schmiedhof.it\/it\/wp-json\/wp\/v2\/media?parent=1345"}],"curies":[{"name":"wp","href":"https:\/\/api.w.org\/{rel}","templated":true}]}}